{"id":21,"date":"2019-07-01T18:16:02","date_gmt":"2019-07-01T18:16:02","guid":{"rendered":"http:\/\/weinrich.das-yachtcenter.de\/?page_id=6"},"modified":"2019-08-05T22:13:27","modified_gmt":"2019-08-05T22:13:27","slug":"die-agentur","status":"publish","type":"page","link":"https:\/\/moebelagentur-weinrich.de\/?page_id=21","title":{"rendered":"Die Agentur"},"content":{"rendered":"<p>[et_pb_section fb_built=&#8220;1&#8243; fullwidth=&#8220;on&#8220; _builder_version=&#8220;3.25.3&#8243;][et_pb_fullwidth_header title=&#8220;Die Agentur&#8220; text_orientation=&#8220;center&#8220; background_overlay_color=&#8220;rgba(0,0,0,0.43)&#8220; _builder_version=&#8220;3.25.3&#8243; title_font=&#8220;|300||on|||||&#8220; title_font_size=&#8220;50px&#8220; title_text_shadow_style=&#8220;preset1&#8243; background_image=&#8220;https:\/\/moebelagentur-weinrich.de\/wp-content\/uploads\/2019\/07\/4141_19_Heaven-cut2.jpg&#8220; width=&#8220;100%&#8220; max_width=&#8220;100%&#8220; min_height=&#8220;420px&#8220; max_height=&#8220;1000px&#8220;][\/et_pb_fullwidth_header][\/et_pb_section][et_pb_section fb_built=&#8220;1&#8243; admin_label=&#8220;mission&#8220; module_id=&#8220;mission&#8220; _builder_version=&#8220;3.25.3&#8243; background_color=&#8220;rgba(0,0,0,0.02)&#8220;][et_pb_row _builder_version=&#8220;3.25.3&#8243;][et_pb_column type=&#8220;4_4&#8243; _builder_version=&#8220;3.25.3&#8243;][et_pb_text _builder_version=&#8220;3.25.3&#8243; text_font=&#8220;|300|||||||&#8220; header_font=&#8220;||||||||&#8220; header_2_font=&#8220;|800||on|||||&#8220; header_2_text_align=&#8220;left&#8220; header_2_font_size=&#8220;25px&#8220; header_2_line_height=&#8220;1.2em&#8220;]<\/p>\n<blockquote>\n<h2><span style=\"font-size: x-large; color: #333333;\">DIE AGENTUR<\/span><\/h2>\n<\/blockquote>\n<p>Mit eigenen B\u00fcros in Deutschland, Polen und der T\u00fcrkei sind wir auf allen interessanten M\u00e4rkten direkt vertreten.<br \/> Unser deutsches B\u00fcro k\u00fcmmert sich um den Vertrieb und die Belange des M\u00f6belfachhandels.<br \/> Unsere B\u00fcros in Polen und der T\u00fcrkei sind st\u00e4ndiger Ansprechpartner unserer Produzenten.<\/p>\n<p><strong>Gemeinsam sind wir in der Lage die anspruchsvollen Aufgaben zu erledigen und erfolgreich f\u00fcr beide Seiten, sowohl f\u00fcr die Produzenten als auch f\u00fcr den Fachhandel zu arbeiten.<\/strong><\/p>\n<p>[\/et_pb_text][\/et_pb_column][\/et_pb_row][\/et_pb_section][et_pb_section fb_built=&#8220;1&#8243; _builder_version=&#8220;3.25.3&#8243; background_color=&#8220;rgba(56,56,56,0.73)&#8220; background_last_edited=&#8220;on|tablet&#8220;][et_pb_row column_structure=&#8220;3_5,2_5&#8243; _builder_version=&#8220;3.25.3&#8243; custom_margin=&#8220;25px|auto||auto||&#8220;][et_pb_column type=&#8220;3_5&#8243; _builder_version=&#8220;3.25.3&#8243;][et_pb_image src=&#8220;https:\/\/moebelagentur-weinrich.de\/wp-content\/uploads\/2019\/08\/B\u00fcro-aussen-2.jpg&#8220; show_in_lightbox=&#8220;on&#8220; _builder_version=&#8220;3.26.6&#8243;][\/et_pb_image][\/et_pb_column][et_pb_column type=&#8220;2_5&#8243; _builder_version=&#8220;3.25.3&#8243;][et_pb_image src=&#8220;https:\/\/moebelagentur-weinrich.de\/wp-content\/uploads\/2019\/08\/B\u00fcro-1.jpg&#8220; show_in_lightbox=&#8220;on&#8220; _builder_version=&#8220;3.26.6&#8243; max_width=&#8220;89%&#8220;][\/et_pb_image][\/et_pb_column][\/et_pb_row][et_pb_row _builder_version=&#8220;3.25.3&#8243; custom_padding=&#8220;63px|||||&#8220;][et_pb_column type=&#8220;4_4&#8243; _builder_version=&#8220;3.25.3&#8243;][et_pb_blurb title=&#8220;moebelagenturweinrich.de&#8220; url=&#8220;https:\/\/www.instagram.com\/moebelagenturweinrich.de\/&#8220; url_new_window=&#8220;on&#8220; use_icon=&#8220;on&#8220; font_icon=&#8220;%%344%%&#8220; icon_color=&#8220;rgba(255,255,255,0.55)&#8220; use_icon_font_size=&#8220;on&#8220; icon_font_size=&#8220;45px&#8220; _builder_version=&#8220;3.26.6&#8243; header_font=&#8220;||||||||&#8220; header_font_size=&#8220;26px&#8220; text_orientation=&#8220;center&#8220; background_layout=&#8220;dark&#8220; animation_style=&#8220;fade&#8220; global_module=&#8220;71&#8243;][\/et_pb_blurb][\/et_pb_column][\/et_pb_row][\/et_pb_section]<\/p>\n","protected":false},"excerpt":{"rendered":"<p>DIE AGENTUR Mit eigenen B\u00fcros in Deutschland, Polen und der T\u00fcrkei sind wir auf allen interessanten M\u00e4rkten direkt vertreten. Unser deutsches B\u00fcro k\u00fcmmert sich um den Vertrieb und die Belange des M\u00f6belfachhandels. Unsere B\u00fcros in Polen und der T\u00fcrkei sind st\u00e4ndiger Ansprechpartner unserer Produzenten. Gemeinsam sind wir in der Lage die anspruchsvollen Aufgaben zu erledigen [&hellip;]<\/p>\n","protected":false},"author":1,"featured_media":0,"parent":0,"menu_order":2,"comment_status":"closed","ping_status":"closed","template":"","meta":{"_et_pb_use_builder":"on","_et_pb_old_content":"","_et_gb_content_width":""},"_links":{"self":[{"href":"https:\/\/moebelagentur-weinrich.de\/index.php?rest_route=\/wp\/v2\/pages\/21"}],"collection":[{"href":"https:\/\/moebelagentur-weinrich.de\/index.php?rest_route=\/wp\/v2\/pages"}],"about":[{"href":"https:\/\/moebelagentur-weinrich.de\/index.php?rest_route=\/wp\/v2\/types\/page"}],"author":[{"embeddable":true,"href":"https:\/\/moebelagentur-weinrich.de\/index.php?rest_route=\/wp\/v2\/users\/1"}],"replies":[{"embeddable":true,"href":"https:\/\/moebelagentur-weinrich.de\/index.php?rest_route=%2Fwp%2Fv2%2Fcomments&post=21"}],"version-history":[{"count":2,"href":"https:\/\/moebelagentur-weinrich.de\/index.php?rest_route=\/wp\/v2\/pages\/21\/revisions"}],"predecessor-version":[{"id":74,"href":"https:\/\/moebelagentur-weinrich.de\/index.php?rest_route=\/wp\/v2\/pages\/21\/revisions\/74"}],"wp:attachment":[{"href":"https:\/\/moebelagentur-weinrich.de\/index.php?rest_route=%2Fwp%2Fv2%2Fmedia&parent=21"}],"curies":[{"name":"wp","href":"https:\/\/api.w.org\/{rel}","templated":true}]}}